{"id":55,"date":"2021-10-11T12:49:02","date_gmt":"2021-10-11T10:49:02","guid":{"rendered":"http:\/\/appeldelaforet.bzh\/?page_id=55"},"modified":"2023-08-01T12:04:34","modified_gmt":"2023-08-01T10:04:34","slug":"ateliers-et-formations","status":"publish","type":"page","link":"https:\/\/appeldelaforet.bzh\/index.php\/ateliers-et-formations\/","title":{"rendered":"Formations et s\u00e9minaires"},"content":{"rendered":"\t\t<div data-elementor-type=\"wp-page\" data-elementor-id=\"55\" class=\"elementor elementor-55\" data-elementor-settings=\"[]\">\n\t\t\t\t\t\t\t<div class=\"elementor-section-wrap\">\n\t\t\t\t\t\t\t<section class=\"elementor-section elementor-top-section elementor-element elementor-element-b1f2581 elementor-section-boxed elementor-section-height-default elementor-section-height-default\" data-id=\"b1f2581\" data-element_type=\"section\">\n\t\t\t\t\t\t<div class=\"elementor-container elementor-column-gap-default\">\n\t\t\t\t\t<div class=\"elementor-column elementor-col-100 elementor-top-column elementor-element elementor-element-8ad512b\" data-id=\"8ad512b\" data-element_type=\"column\">\n\t\t\t<div class=\"elementor-widget-wrap elementor-element-populated\">\n\t\t\t\t\t\t\t\t<div class=\"elementor-element elementor-element-0525177 elementor-widget elementor-widget-heading\" data-id=\"0525177\" data-element_type=\"widget\" data-widget_type=\"heading.default\">\n\t\t\t\t<div class=\"elementor-widget-container\">\n\t\t\t<h1 class=\"elementor-heading-title elementor-size-default\">Formations et s\u00e9minaires<\/h1>\t\t<\/div>\n\t\t\t\t<\/div>\n\t\t\t\t\t<\/div>\n\t\t<\/div>\n\t\t\t\t\t\t\t<\/div>\n\t\t<\/section>\n\t\t\t\t<section class=\"elementor-section elementor-top-section elementor-element elementor-element-42f4ba2 elementor-section-boxed elementor-section-height-default elementor-section-height-default\" data-id=\"42f4ba2\" data-element_type=\"section\">\n\t\t\t\t\t\t<div class=\"elementor-container elementor-column-gap-default\">\n\t\t\t\t\t<div class=\"elementor-column elementor-col-100 elementor-top-column elementor-element elementor-element-fe129e8\" data-id=\"fe129e8\" data-element_type=\"column\">\n\t\t\t<div class=\"elementor-widget-wrap elementor-element-populated\">\n\t\t\t\t\t\t\t\t<div class=\"elementor-element elementor-element-5adb921 elementor-widget elementor-widget-image\" data-id=\"5adb921\" data-element_type=\"widget\" data-widget_type=\"image.default\">\n\t\t\t\t<div class=\"elementor-widget-container\">\n\t\t\t\t\t\t\t\t\t\t\t\t\t\t\t<img src=\"https:\/\/appeldelaforet.bzh\/wp-content\/uploads\/2022\/04\/P1280110-copie-scaled.jpg\" title=\"P1280110 copie\" alt=\"P1280110 copie\" \/>\t\t\t\t\t\t\t\t\t\t\t\t\t\t\t<\/div>\n\t\t\t\t<\/div>\n\t\t\t\t\t<\/div>\n\t\t<\/div>\n\t\t\t\t\t\t\t<\/div>\n\t\t<\/section>\n\t\t\t\t<section class=\"elementor-section elementor-top-section elementor-element elementor-element-f6cc9ed elementor-section-boxed elementor-section-height-default elementor-section-height-default\" data-id=\"f6cc9ed\" data-element_type=\"section\">\n\t\t\t\t\t\t<div class=\"elementor-container elementor-column-gap-default\">\n\t\t\t\t\t<div class=\"elementor-column elementor-col-100 elementor-top-column elementor-element elementor-element-a1a829a\" data-id=\"a1a829a\" data-element_type=\"column\">\n\t\t\t<div class=\"elementor-widget-wrap elementor-element-populated\">\n\t\t\t\t\t\t\t\t<div class=\"elementor-element elementor-element-adae059 elementor-widget elementor-widget-text-editor\" data-id=\"adae059\" data-element_type=\"widget\" data-widget_type=\"text-editor.default\">\n\t\t\t\t<div class=\"elementor-widget-container\">\n\t\t\t\t\t\t\t<p>Les formations et s\u00e9minaires sont en cours d&#8217;imagination pour 2024 &#8230;<\/p>\t\t\t\t\t\t<\/div>\n\t\t\t\t<\/div>\n\t\t\t\t\t<\/div>\n\t\t<\/div>\n\t\t\t\t\t\t\t<\/div>\n\t\t<\/section>\n\t\t\t\t<section class=\"elementor-section elementor-top-section elementor-element elementor-element-25a6111 elementor-section-boxed elementor-section-height-default elementor-section-height-default\" data-id=\"25a6111\" data-element_type=\"section\">\n\t\t\t\t\t\t<div class=\"elementor-container elementor-column-gap-default\">\n\t\t\t\t\t<div class=\"elementor-column elementor-col-100 elementor-top-column elementor-element elementor-element-e3498f8\" data-id=\"e3498f8\" data-element_type=\"column\">\n\t\t\t<div class=\"elementor-widget-wrap elementor-element-populated\">\n\t\t\t\t\t\t\t\t<div class=\"elementor-element elementor-element-3b99891 elementor-widget elementor-widget-text-editor\" data-id=\"3b99891\" data-element_type=\"widget\" data-settings=\"{&quot;motion_fx_motion_fx_scrolling&quot;:&quot;yes&quot;,&quot;motion_fx_translateY_effect&quot;:&quot;yes&quot;,&quot;motion_fx_translateY_speed&quot;:{&quot;unit&quot;:&quot;px&quot;,&quot;size&quot;:5.1,&quot;sizes&quot;:[]},&quot;motion_fx_translateY_affectedRange&quot;:{&quot;unit&quot;:&quot;%&quot;,&quot;size&quot;:&quot;&quot;,&quot;sizes&quot;:{&quot;start&quot;:0,&quot;end&quot;:100}},&quot;motion_fx_devices&quot;:[&quot;desktop&quot;,&quot;tablet&quot;,&quot;mobile&quot;]}\" data-widget_type=\"text-editor.default\">\n\t\t\t\t<div class=\"elementor-widget-container\">\n\t\t\t\t\t\t\t<p>Menu<\/p><p><a href=\"#RA\">Recherche-action &#8211; <br \/>l&#8217;appel de la for\u00eat\u00a0<\/a><\/p><p>\u00a0<\/p><p><a href=\"#formations\">Nos formations\u00a0<\/a><\/p><p>\u00a0<\/p><p>\u00a0<\/p>\t\t\t\t\t\t<\/div>\n\t\t\t\t<\/div>\n\t\t\t\t\t<\/div>\n\t\t<\/div>\n\t\t\t\t\t\t\t<\/div>\n\t\t<\/section>\n\t\t\t\t<section class=\"elementor-section elementor-top-section elementor-element elementor-element-93c1c14 elementor-section-boxed elementor-section-height-default elementor-section-height-default\" data-id=\"93c1c14\" data-element_type=\"section\">\n\t\t\t\t\t\t<div class=\"elementor-container elementor-column-gap-default\">\n\t\t\t\t\t<div class=\"elementor-column elementor-col-100 elementor-top-column elementor-element elementor-element-2e2338c\" data-id=\"2e2338c\" data-element_type=\"column\">\n\t\t\t<div class=\"elementor-widget-wrap elementor-element-populated\">\n\t\t\t\t\t\t\t\t<div class=\"elementor-element elementor-element-7d84678 elementor-widget elementor-widget-menu-anchor\" data-id=\"7d84678\" data-element_type=\"widget\" data-widget_type=\"menu-anchor.default\">\n\t\t\t\t<div class=\"elementor-widget-container\">\n\t\t\t\t\t<div id=\"RA\" class=\"elementor-menu-anchor\"><\/div>\n\t\t\t\t<\/div>\n\t\t\t\t<\/div>\n\t\t\t\t<div class=\"elementor-element elementor-element-fb02e66 elementor-widget elementor-widget-heading\" data-id=\"fb02e66\" data-element_type=\"widget\" data-widget_type=\"heading.default\">\n\t\t\t\t<div class=\"elementor-widget-container\">\n\t\t\t<h3 class=\"elementor-heading-title elementor-size-default\">Recherche-action - l'appel de la for\u00eat <\/h3>\t\t<\/div>\n\t\t\t\t<\/div>\n\t\t\t\t<div class=\"elementor-element elementor-element-2a4c7ed elementor-widget elementor-widget-heading\" data-id=\"2a4c7ed\" data-element_type=\"widget\" data-widget_type=\"heading.default\">\n\t\t\t\t<div class=\"elementor-widget-container\">\n\t\t\t<h4 class=\"elementor-heading-title elementor-size-default\">Qu'est ce qu'une recherche-action ? <\/h4>\t\t<\/div>\n\t\t\t\t<\/div>\n\t\t\t\t<div class=\"elementor-element elementor-element-edd517e elementor-widget elementor-widget-text-editor\" data-id=\"edd517e\" data-element_type=\"widget\" data-widget_type=\"text-editor.default\">\n\t\t\t\t<div class=\"elementor-widget-container\">\n\t\t\t\t\t\t\t<div class=\"\">Afin de prendre du recul sur les projets de l\u2019association <a href=\"http:\/\/la-haut.bzh\">L\u00e0-Haut<\/a>, une recherche-action est mise en place. L&#8217;id\u00e9e est de r\u00e9fl\u00e9chir ensemble aux liens entre les <strong>Humains<\/strong>, <strong>l&#8217;Art<\/strong> et les <strong>Autres<\/strong> <strong>vivants<\/strong>.<\/div><div class=\"\">Selon Hugon &amp; Seibel dans une recherche-action : \u00ab il y a une action d\u00e9lib\u00e9r\u00e9e de transformation de la r\u00e9alit\u00e9 ; recherche[s] ayant un double objectif : transformer la r\u00e9alit\u00e9 et produire des connaissances concernant ces transformations \u00bb (Hugon &amp; Seibel, 1998 : 13 ).\u00a0<\/div><div>\u00a0<\/div><div>Les objectifs de la recherche-action port\u00e9e par L\u00e0-Haut sont :\u00a0<\/div><ul><li>Aller au-del\u00e0 des actions locale de L\u00e0-haut pour aborder des ph\u00e9nom\u00e8nes qui peuvent \u00eatre plus g\u00e9n\u00e9raux,<\/li><li>Essayer de g\u00e9n\u00e9raliser pour comprendre les processus en place, afin de mettre au jour des pistes d&#8217;action.\u00a0<\/li><\/ul>\t\t\t\t\t\t<\/div>\n\t\t\t\t<\/div>\n\t\t\t\t<div class=\"elementor-element elementor-element-a9caf36 elementor-widget elementor-widget-heading\" data-id=\"a9caf36\" data-element_type=\"widget\" data-widget_type=\"heading.default\">\n\t\t\t\t<div class=\"elementor-widget-container\">\n\t\t\t<h4 class=\"elementor-heading-title elementor-size-default\">La recherche-action port\u00e9 par L\u00e0-Haut<\/h4>\t\t<\/div>\n\t\t\t\t<\/div>\n\t\t\t\t<div class=\"elementor-element elementor-element-5ba5f21 elementor-widget elementor-widget-text-editor\" data-id=\"5ba5f21\" data-element_type=\"widget\" data-widget_type=\"text-editor.default\">\n\t\t\t\t<div class=\"elementor-widget-container\">\n\t\t\t\t\t\t\t<div class=\"page\" title=\"Page 3\"><div class=\"section\"><div class=\"layoutArea\"><div class=\"column\"><p>Le programme de recherche-action port\u00e9 par <a href=\"http:\/\/la-haut.bzh\">L\u00e0-Haut<\/a> s&#8217;int\u00e8gre dans les probl\u00e9matiques soulev\u00e9es par le\u00a0<a href=\"https:\/\/www.bretagne.bzh\/\">Conseil R\u00e9gional de Bretagne<\/a>. L&#8217;association a pour volont\u00e9 depuis sa fondation de s&#8217;attaquer aux probl\u00e8mes et enjeux li\u00e9s \u00e0 la biodiversit\u00e9 en Bretagne, notamment en effectuant des missions de sensibilisation aupr\u00e8s des publics \u00e9loign\u00e9s, qui constituent les publics privil\u00e9gi\u00e9s de l&#8217;association. Constant des difficult\u00e9s dans la mobilisation et la mise en place de ses actions, L\u00e0-Haut \u00e0 souhaiter s&#8217;engager dans un programme de recherche-action afin de contribuer \u00e0 sortir des st\u00e9r\u00e9otypes sur ces publics dits \u00ab \u00e9loign\u00e9s \u00bb, en particulier les jeunes issus des quartiers, mais a aussi et surtout pour objectif de d\u00e9terminer des voix efficaces de transformations sociales en croisant les voix des diff\u00e9rents acteurs de l&#8217;\u00e9ducation au vivant, \u00e0 commencer par ces jeunes. Il s&#8217;agit donc de comprendre les m\u00e9canisme de sensibilisation, de comprendre l&#8217;\u00e9tat actuel de cette sensibilit\u00e9 (ou de l&#8217;absence de sensibilit\u00e9) environnementale.<\/p><p>En particulier, l&#8217;association s\u2019int\u00e9resse au <a href=\"https:\/\/www.planbatimentdurable.developpement-durable.gouv.fr\/IMG\/pdf\/12_14_le_syndrome_de_manque_de_nature-130925.pdf\">\u00ab syndrome du manque de nature \u00bb<\/a> (cf.R.Pyle). Partant du constat que les individus ont de moins en moins d&#8217;exp\u00e9rience de nature \u00ab qualitative \u00bb et que les jeunes moins de temps en ext\u00e9rieur que les g\u00e9n\u00e9rations pr\u00e9c\u00e9dentes, l&#8217;association souhaite \u0153uvrer \u00e0 la reconnexion \u00e0 la nature en amenant des groupes en for\u00eat et en offrant des moments de \u00ab rupture \u00bb, dans le but d&#8217;amener \u00e0 une relation sensible et \u00e9motionnelle avec la nature. L&#8217;arbre appara\u00eet notamment comme un m\u00e9diateur dans la strat\u00e9gie de sensibilisation mise en place par l&#8217;association. L&#8217;\u00e9ducation au vivant s&#8217;\u00e9tant historiquement constitu\u00e9e autour d&#8217;une approche naturaliste, l&#8217;orientation vers le sensible de L\u00e0-Haut appara\u00eet comme original.<\/p><\/div><\/div><\/div><\/div>\t\t\t\t\t\t<\/div>\n\t\t\t\t<\/div>\n\t\t\t\t<div class=\"elementor-element elementor-element-2ebf89e elementor-widget elementor-widget-heading\" data-id=\"2ebf89e\" data-element_type=\"widget\" data-widget_type=\"heading.default\">\n\t\t\t\t<div class=\"elementor-widget-container\">\n\t\t\t<h4 class=\"elementor-heading-title elementor-size-default\">Restitution de la recherche-action <\/h4>\t\t<\/div>\n\t\t\t\t<\/div>\n\t\t\t\t<div class=\"elementor-element elementor-element-522091b elementor-widget elementor-widget-text-editor\" data-id=\"522091b\" data-element_type=\"widget\" data-widget_type=\"text-editor.default\">\n\t\t\t\t<div class=\"elementor-widget-container\">\n\t\t\t\t\t\t\t<div class=\"page\" title=\"Page 3\"><div class=\"section\"><div class=\"layoutArea\"><div class=\"column\"><p>Afin de rendre accessible \u00e0 tous l&#8217;avanc\u00e9 de cette recherche-action, nous avons souhait\u00e9 en rendre compte \u00e0 travers le biais de capsules sonores, un document papier sera \u00e9galement disponible ult\u00e9rieurement.\u00a0<\/p><\/div><\/div><\/div><\/div>\t\t\t\t\t\t<\/div>\n\t\t\t\t<\/div>\n\t\t\t\t<div class=\"elementor-element elementor-element-160f854 elementor-widget elementor-widget-html\" data-id=\"160f854\" data-element_type=\"widget\" data-widget_type=\"html.default\">\n\t\t\t\t<div class=\"elementor-widget-container\">\n\t\t\t<iframe loading=\"lazy\" height=\"466px\" width=\"100%\" src=\"https:\/\/audioblog.arteradio.com\/playlist-embed\/207872\" style=\"margin: 0; padding: 0; border: none;\"><\/iframe>\t\t<\/div>\n\t\t\t\t<\/div>\n\t\t\t\t\t<\/div>\n\t\t<\/div>\n\t\t\t\t\t\t\t<\/div>\n\t\t<\/section>\n\t\t\t\t<section class=\"elementor-section elementor-top-section elementor-element elementor-element-48b554d elementor-section-boxed elementor-section-height-default elementor-section-height-default\" data-id=\"48b554d\" data-element_type=\"section\">\n\t\t\t\t\t\t<div class=\"elementor-container elementor-column-gap-default\">\n\t\t\t\t\t<div class=\"elementor-column elementor-col-100 elementor-top-column elementor-element elementor-element-b2a44b7\" data-id=\"b2a44b7\" data-element_type=\"column\">\n\t\t\t<div class=\"elementor-widget-wrap elementor-element-populated\">\n\t\t\t\t\t\t\t\t<div class=\"elementor-element elementor-element-592cdb4 elementor-widget elementor-widget-menu-anchor\" data-id=\"592cdb4\" data-element_type=\"widget\" data-widget_type=\"menu-anchor.default\">\n\t\t\t\t<div class=\"elementor-widget-container\">\n\t\t\t\t\t<div id=\"formations\" class=\"elementor-menu-anchor\"><\/div>\n\t\t\t\t<\/div>\n\t\t\t\t<\/div>\n\t\t\t\t<div class=\"elementor-element elementor-element-00b21f9 elementor-widget elementor-widget-heading\" data-id=\"00b21f9\" data-element_type=\"widget\" data-widget_type=\"heading.default\">\n\t\t\t\t<div class=\"elementor-widget-container\">\n\t\t\t<h3 class=\"elementor-heading-title elementor-size-default\">Nos formations<\/h3>\t\t<\/div>\n\t\t\t\t<\/div>\n\t\t\t\t<div class=\"elementor-element elementor-element-725ae7e elementor-widget elementor-widget-text-editor\" data-id=\"725ae7e\" data-element_type=\"widget\" data-widget_type=\"text-editor.default\">\n\t\t\t\t<div class=\"elementor-widget-container\">\n\t\t\t\t\t\t\t<p>En cours d&#8217;imagination pour 2024 &#8230;.<\/p>\t\t\t\t\t\t<\/div>\n\t\t\t\t<\/div>\n\t\t\t\t\t<\/div>\n\t\t<\/div>\n\t\t\t\t\t\t\t<\/div>\n\t\t<\/section>\n\t\t\t\t\t\t<\/div>\n\t\t\t\t\t<\/div>\n\t\t","protected":false},"excerpt":{"rendered":"<p>Formations et s\u00e9minaires Les formations et s\u00e9minaires sont en cours d&#8217;imagination pour 2024 &#8230; Menu Recherche-action &#8211; l&#8217;appel de la for\u00eat\u00a0 \u00a0 Nos formations\u00a0 \u00a0 \u00a0 Recherche-action &#8211; l&#8217;appel de la for\u00eat Qu&#8217;est ce qu&#8217;une recherche-action ? Afin de prendre du recul sur les projets de l\u2019association L\u00e0-Haut, une recherche-action est mise en place. L&#8217;id\u00e9e [&hellip;]<\/p>\n","protected":false},"author":1,"featured_media":0,"parent":0,"menu_order":0,"comment_status":"closed","ping_status":"closed","template":"elementor_header_footer","meta":[],"yoast_head":"<!-- This site is optimized with the Yoast SEO plugin v17.3 - https:\/\/yoast.com\/wordpress\/plugins\/seo\/ -->\n<title>Formations et s\u00e9minaires - L&#039;APPEL DE LA FOR\u00caT<\/title>\n<meta name=\"robots\" content=\"index, follow, max-snippet:-1, max-image-preview:large, max-video-preview:-1\" \/>\n<link rel=\"canonical\" href=\"https:\/\/appeldelaforet.bzh\/index.php\/ateliers-et-formations\/\" \/>\n<meta property=\"og:locale\" content=\"en_US\" \/>\n<meta property=\"og:type\" content=\"article\" \/>\n<meta property=\"og:title\" content=\"Formations et s\u00e9minaires - L&#039;APPEL DE LA FOR\u00caT\" \/>\n<meta property=\"og:description\" content=\"Formations et s\u00e9minaires Les formations et s\u00e9minaires sont en cours d&#8217;imagination pour 2024 &#8230; Menu Recherche-action &#8211; l&#8217;appel de la for\u00eat\u00a0 \u00a0 Nos formations\u00a0 \u00a0 \u00a0 Recherche-action &#8211; l&#8217;appel de la for\u00eat Qu&#8217;est ce qu&#8217;une recherche-action ? Afin de prendre du recul sur les projets de l\u2019association L\u00e0-Haut, une recherche-action est mise en place. L&#8217;id\u00e9e [&hellip;]\" \/>\n<meta property=\"og:url\" content=\"https:\/\/appeldelaforet.bzh\/index.php\/ateliers-et-formations\/\" \/>\n<meta property=\"og:site_name\" content=\"L&#039;APPEL DE LA FOR\u00caT\" \/>\n<meta property=\"article:modified_time\" content=\"2023-08-01T10:04:34+00:00\" \/>\n<meta property=\"og:image\" content=\"http:\/\/appeldelaforet.bzh\/wp-content\/uploads\/elementor\/thumbs\/P1280110-copie-scaled-pmym62i0t7f7uz201qz5h52v7hyw02gyre8m2xvp7i.jpg\" \/>\n<meta name=\"twitter:card\" content=\"summary_large_image\" \/>\n<meta name=\"twitter:label1\" content=\"Est. reading time\" \/>\n\t<meta name=\"twitter:data1\" content=\"3 minutes\" \/>\n<script type=\"application\/ld+json\" class=\"yoast-schema-graph\">{\"@context\":\"https:\/\/schema.org\",\"@graph\":[{\"@type\":\"WebSite\",\"@id\":\"https:\/\/appeldelaforet.bzh\/#website\",\"url\":\"https:\/\/appeldelaforet.bzh\/\",\"name\":\"L&#039;APPEL DE LA FOR\\u00caT\",\"description\":\"\",\"potentialAction\":[{\"@type\":\"SearchAction\",\"target\":{\"@type\":\"EntryPoint\",\"urlTemplate\":\"https:\/\/appeldelaforet.bzh\/?s={search_term_string}\"},\"query-input\":\"required name=search_term_string\"}],\"inLanguage\":\"en-US\"},{\"@type\":\"ImageObject\",\"@id\":\"https:\/\/appeldelaforet.bzh\/index.php\/ateliers-et-formations\/#primaryimage\",\"inLanguage\":\"en-US\",\"url\":\"http:\/\/appeldelaforet.bzh\/wp-content\/uploads\/elementor\/thumbs\/P1280110-copie-scaled-pmym62i0t7f7uz201qz5h52v7hyw02gyre8m2xvp7i.jpg\",\"contentUrl\":\"http:\/\/appeldelaforet.bzh\/wp-content\/uploads\/elementor\/thumbs\/P1280110-copie-scaled-pmym62i0t7f7uz201qz5h52v7hyw02gyre8m2xvp7i.jpg\"},{\"@type\":\"WebPage\",\"@id\":\"https:\/\/appeldelaforet.bzh\/index.php\/ateliers-et-formations\/#webpage\",\"url\":\"https:\/\/appeldelaforet.bzh\/index.php\/ateliers-et-formations\/\",\"name\":\"Formations et s\\u00e9minaires - L&#039;APPEL DE LA FOR\\u00caT\",\"isPartOf\":{\"@id\":\"https:\/\/appeldelaforet.bzh\/#website\"},\"primaryImageOfPage\":{\"@id\":\"https:\/\/appeldelaforet.bzh\/index.php\/ateliers-et-formations\/#primaryimage\"},\"datePublished\":\"2021-10-11T10:49:02+00:00\",\"dateModified\":\"2023-08-01T10:04:34+00:00\",\"breadcrumb\":{\"@id\":\"https:\/\/appeldelaforet.bzh\/index.php\/ateliers-et-formations\/#breadcrumb\"},\"inLanguage\":\"en-US\",\"potentialAction\":[{\"@type\":\"ReadAction\",\"target\":[\"https:\/\/appeldelaforet.bzh\/index.php\/ateliers-et-formations\/\"]}]},{\"@type\":\"BreadcrumbList\",\"@id\":\"https:\/\/appeldelaforet.bzh\/index.php\/ateliers-et-formations\/#breadcrumb\",\"itemListElement\":[{\"@type\":\"ListItem\",\"position\":1,\"name\":\"Accueil\",\"item\":\"https:\/\/appeldelaforet.bzh\/\"},{\"@type\":\"ListItem\",\"position\":2,\"name\":\"Formations et s\\u00e9minaires\"}]}]}<\/script>\n<!-- \/ Yoast SEO plugin. -->","yoast_head_json":{"title":"Formations et s\u00e9minaires - L&#039;APPEL DE LA FOR\u00caT","robots":{"index":"index","follow":"follow","max-snippet":"max-snippet:-1","max-image-preview":"max-image-preview:large","max-video-preview":"max-video-preview:-1"},"canonical":"https:\/\/appeldelaforet.bzh\/index.php\/ateliers-et-formations\/","og_locale":"en_US","og_type":"article","og_title":"Formations et s\u00e9minaires - L&#039;APPEL DE LA FOR\u00caT","og_description":"Formations et s\u00e9minaires Les formations et s\u00e9minaires sont en cours d&#8217;imagination pour 2024 &#8230; Menu Recherche-action &#8211; l&#8217;appel de la for\u00eat\u00a0 \u00a0 Nos formations\u00a0 \u00a0 \u00a0 Recherche-action &#8211; l&#8217;appel de la for\u00eat Qu&#8217;est ce qu&#8217;une recherche-action ? Afin de prendre du recul sur les projets de l\u2019association L\u00e0-Haut, une recherche-action est mise en place. L&#8217;id\u00e9e [&hellip;]","og_url":"https:\/\/appeldelaforet.bzh\/index.php\/ateliers-et-formations\/","og_site_name":"L&#039;APPEL DE LA FOR\u00caT","article_modified_time":"2023-08-01T10:04:34+00:00","og_image":[{"url":"http:\/\/appeldelaforet.bzh\/wp-content\/uploads\/elementor\/thumbs\/P1280110-copie-scaled-pmym62i0t7f7uz201qz5h52v7hyw02gyre8m2xvp7i.jpg"}],"twitter_card":"summary_large_image","twitter_misc":{"Est. reading time":"3 minutes"},"schema":{"@context":"https:\/\/schema.org","@graph":[{"@type":"WebSite","@id":"https:\/\/appeldelaforet.bzh\/#website","url":"https:\/\/appeldelaforet.bzh\/","name":"L&#039;APPEL DE LA FOR\u00caT","description":"","potentialAction":[{"@type":"SearchAction","target":{"@type":"EntryPoint","urlTemplate":"https:\/\/appeldelaforet.bzh\/?s={search_term_string}"},"query-input":"required name=search_term_string"}],"inLanguage":"en-US"},{"@type":"ImageObject","@id":"https:\/\/appeldelaforet.bzh\/index.php\/ateliers-et-formations\/#primaryimage","inLanguage":"en-US","url":"http:\/\/appeldelaforet.bzh\/wp-content\/uploads\/elementor\/thumbs\/P1280110-copie-scaled-pmym62i0t7f7uz201qz5h52v7hyw02gyre8m2xvp7i.jpg","contentUrl":"http:\/\/appeldelaforet.bzh\/wp-content\/uploads\/elementor\/thumbs\/P1280110-copie-scaled-pmym62i0t7f7uz201qz5h52v7hyw02gyre8m2xvp7i.jpg"},{"@type":"WebPage","@id":"https:\/\/appeldelaforet.bzh\/index.php\/ateliers-et-formations\/#webpage","url":"https:\/\/appeldelaforet.bzh\/index.php\/ateliers-et-formations\/","name":"Formations et s\u00e9minaires - L&#039;APPEL DE LA FOR\u00caT","isPartOf":{"@id":"https:\/\/appeldelaforet.bzh\/#website"},"primaryImageOfPage":{"@id":"https:\/\/appeldelaforet.bzh\/index.php\/ateliers-et-formations\/#primaryimage"},"datePublished":"2021-10-11T10:49:02+00:00","dateModified":"2023-08-01T10:04:34+00:00","breadcrumb":{"@id":"https:\/\/appeldelaforet.bzh\/index.php\/ateliers-et-formations\/#breadcrumb"},"inLanguage":"en-US","potentialAction":[{"@type":"ReadAction","target":["https:\/\/appeldelaforet.bzh\/index.php\/ateliers-et-formations\/"]}]},{"@type":"BreadcrumbList","@id":"https:\/\/appeldelaforet.bzh\/index.php\/ateliers-et-formations\/#breadcrumb","itemListElement":[{"@type":"ListItem","position":1,"name":"Accueil","item":"https:\/\/appeldelaforet.bzh\/"},{"@type":"ListItem","position":2,"name":"Formations et s\u00e9minaires"}]}]}},"_links":{"self":[{"href":"https:\/\/appeldelaforet.bzh\/index.php\/wp-json\/wp\/v2\/pages\/55"}],"collection":[{"href":"https:\/\/appeldelaforet.bzh\/index.php\/wp-json\/wp\/v2\/pages"}],"about":[{"href":"https:\/\/appeldelaforet.bzh\/index.php\/wp-json\/wp\/v2\/types\/page"}],"author":[{"embeddable":true,"href":"https:\/\/appeldelaforet.bzh\/index.php\/wp-json\/wp\/v2\/users\/1"}],"replies":[{"embeddable":true,"href":"https:\/\/appeldelaforet.bzh\/index.php\/wp-json\/wp\/v2\/comments?post=55"}],"version-history":[{"count":137,"href":"https:\/\/appeldelaforet.bzh\/index.php\/wp-json\/wp\/v2\/pages\/55\/revisions"}],"predecessor-version":[{"id":2083,"href":"https:\/\/appeldelaforet.bzh\/index.php\/wp-json\/wp\/v2\/pages\/55\/revisions\/2083"}],"wp:attachment":[{"href":"https:\/\/appeldelaforet.bzh\/index.php\/wp-json\/wp\/v2\/media?parent=55"}],"curies":[{"name":"wp","href":"https:\/\/api.w.org\/{rel}","templated":true}]}}